{"id":133,"date":"2012-12-16T01:40:07","date_gmt":"2012-12-16T00:40:07","guid":{"rendered":"http:\/\/500er-fiat.de\/?page_id=40"},"modified":"2019-05-27T20:13:02","modified_gmt":"2019-05-27T18:13:02","slug":"farben","status":"publish","type":"page","link":"https:\/\/www.500er-fiat.de\/?page_id=133","title":{"rendered":"Farben"},"content":{"rendered":"<h2>500 Farben<\/h2>\n<p style=\"text-align: justify;\">Ganz so viele Farbt\u00f6ne gab es nat\u00fcrlich nicht. Doch genau wie bei heutigen Fahrzeugen bekam auch er durch die j\u00e4hrlichen Farb\u00e4nderungen ein anderes Aussehen.<\/p>\n<p style=\"text-align: justify;\">Dabei gibt es mittlerweile unz\u00e4hlig viele Farben, von denen eine sch\u00f6ner ist, als die andere. Doch welche Farbe hat Ihr Fiat 500? Oder welche Farbe soll der Kleine nach der Restauration bekommen? Eine originale Fiat 500-Farbe? Oder doch lieber einen &#8222;normalen&#8220; RAL-Ton? Wer die Wahl hat, hat die Qual&#8230;<\/p>\n<p style=\"text-align: justify;\">Einen kleinen \u00dcberblick geben Ihnen die nachfolgenden Farbdaten aus den Jahren 1957 bis 1975. Um Ihnen und Ihrem Lackierer die Mischung der Farbe zu vereinfachen sind die originalen Farbnummern angegeben. Damit sollte sich der exakte Farbton vom Fachhandel ermitteln lassen.<\/p>\n<p style=\"text-align: justify;\">Bitte beachten Sie jedoch, dass die Farben durch das Einscannen teilweise nicht mehr ganz farbecht sein k\u00f6nnen. Die Daten basieren u.a. auf originalen Farbkarten der Firma SpiesHecker. Diese stehen auch im Download-Bereich als Scans zur Verf\u00fcgung.<\/p>\n<h2 style=\"text-align: justify;\">Fiat 500 Farbt\u00f6ne<\/h2>\n<table class=\" aligncenter\" width=\"504\" border=\"0\">\n<tbody>\n<tr>\n<td width=\"136\" height=\"50\">\n<div align=\"right\"><a href=\"http:\/\/500er-fiat.de\/Sites\/500er\/Farben\/39805.htm\" target=\"_blank\" rel=\"noopener noreferrer\">Rosso Corallo<br \/>\n102<br \/>\n09\/68 &#8211; 11\/72<br \/>\n<\/a><\/div>\n<div align=\"right\"><\/div>\n<\/td>\n<td width=\"219\" height=\"50\">\n<div align=\"right\"><a href=\"http:\/\/500er-fiat.de\/Sites\/500er\/Farben\/39805.htm\" target=\"_blank\" rel=\"noopener noreferrer\"><img loading=\"lazy\" decoding=\"async\" alt=\"\" src=\"http:\/\/500er-fiat.de\/Pics\/Daten\/39805.png\" width=\"200\" height=\"50\" border=\"0\"><\/a><\/div>\n<\/td>\n<td width=\"26\" height=\"50\"><\/td>\n<td width=\"201\" height=\"50\">\n<div align=\"center\"><a href=\"http:\/\/500er-fiat.de\/Sites\/500er\/Farben\/102.htm\" target=\"_blank\" rel=\"noopener noreferrer\"><img loading=\"lazy\" decoding=\"async\" alt=\"\" src=\"http:\/\/500er-fiat.de\/Pics\/Daten\/102.jpg\" width=\"200\" height=\"50\" border=\"0\"><\/a><\/div>\n<\/td>\n<\/tr>\n<tr>\n<td width=\"136\" height=\"50\">\n<div align=\"right\"><a href=\"http:\/\/500er-fiat.de\/Sites\/500er\/Farben\/39591.htm\" target=\"_blank\" rel=\"noopener noreferrer\">Rosso Medio<br \/>\n115<br \/>\n10\/60 &#8211; 08\/71<\/a><\/div>\n<div align=\"right\"><\/div>\n<\/td>\n<td width=\"219\" height=\"50\">\n<div align=\"right\"><a href=\"http:\/\/500er-fiat.de\/Sites\/500er\/Farben\/39591.htm\" target=\"_blank\" rel=\"noopener noreferrer\"><img loading=\"lazy\" decoding=\"async\" alt=\"\" src=\"http:\/\/500er-fiat.de\/Pics\/Daten\/39591.png\" width=\"200\" height=\"50\" border=\"0\"><\/a><\/div>\n<\/td>\n<td width=\"26\" height=\"50\"><\/td>\n<td width=\"201\" height=\"50\">\n<div align=\"center\"><a href=\"http:\/\/500er-fiat.de\/Sites\/500er\/Farben\/115.htm\" target=\"_blank\" rel=\"noopener noreferrer\"><img loading=\"lazy\" decoding=\"async\" alt=\"\" src=\"http:\/\/500er-fiat.de\/Pics\/Daten\/115.jpg\" width=\"200\" height=\"50\" border=\"0\"><\/a><\/div>\n<\/td>\n<\/tr>\n<tr>\n<td width=\"136\" height=\"50\">\n<div align=\"right\">Rosso Corallo<br \/>\n135<br \/>\n09\/57 &#8211; 09\/60<\/div>\n<div align=\"right\"><\/div>\n<\/td>\n<td width=\"219\" height=\"50\">\n<div align=\"right\"><img loading=\"lazy\" decoding=\"async\" alt=\"\" src=\"http:\/\/500er-fiat.de\/Pics\/Daten\/0.jpg\" width=\"200\" height=\"50\"><\/div>\n<\/td>\n<td width=\"26\" height=\"50\"><\/td>\n<td width=\"201\" height=\"50\">\n<div align=\"center\"><img loading=\"lazy\" decoding=\"async\" alt=\"\" src=\"http:\/\/500er-fiat.de\/Pics\/Daten\/00.jpg\" width=\"200\" height=\"50\"><\/div>\n<\/td>\n<\/tr>\n<tr>\n<td width=\"136\" height=\"50\">\n<div align=\"right\"><a href=\"http:\/\/500er-fiat.de\/Sites\/500er\/Farben\/39034.htm\" target=\"_blank\" rel=\"noopener noreferrer\">Rosso Corallo Scuro<br \/>\n165<br \/>\n11\/71 &#8211; 08\/75<\/a><\/div>\n<div align=\"right\"><\/div>\n<\/td>\n<td width=\"219\" height=\"50\">\n<div align=\"right\"><a href=\"http:\/\/500er-fiat.de\/Sites\/500er\/Farben\/39034.htm\" target=\"_blank\" rel=\"noopener noreferrer\"><img loading=\"lazy\" decoding=\"async\" alt=\"\" src=\"http:\/\/500er-fiat.de\/Pics\/Daten\/39034.png\" width=\"200\" height=\"50\" border=\"0\"><\/a><\/div>\n<\/td>\n<td width=\"26\" height=\"50\"><\/td>\n<td width=\"201\" height=\"50\">\n<div align=\"center\"><a href=\"http:\/\/500er-fiat.de\/Sites\/500er\/Farben\/165.htm\" target=\"_blank\" rel=\"noopener noreferrer\"><img loading=\"lazy\" decoding=\"async\" alt=\"\" src=\"http:\/\/500er-fiat.de\/Pics\/Daten\/165.jpg\" width=\"200\" height=\"50\" border=\"0\"><\/a><\/div>\n<\/td>\n<\/tr>\n<tr>\n<td width=\"136\" height=\"50\">\n<div align=\"right\"><a href=\"http:\/\/500er-fiat.de\/Sites\/500er\/Farben\/19076.htm\" target=\"_blank\" rel=\"noopener noreferrer\">Giallo Positano<br \/>\n208<br \/>\n09\/68 &#8211; 11\/72<\/a><\/div>\n<div align=\"right\"><\/div>\n<\/td>\n<td width=\"219\" height=\"50\">\n<div align=\"right\"><a href=\"http:\/\/500er-fiat.de\/Sites\/500er\/Farben\/19076.htm\" target=\"_blank\" rel=\"noopener noreferrer\"><img loading=\"lazy\" decoding=\"async\" alt=\"\" src=\"http:\/\/500er-fiat.de\/Pics\/Daten\/19076.png\" width=\"200\" height=\"50\" border=\"0\"><\/a><\/div>\n<\/td>\n<td width=\"26\" height=\"50\"><\/td>\n<td width=\"201\" height=\"50\">\n<div align=\"center\"><a href=\"http:\/\/500er-fiat.de\/Sites\/500er\/Farben\/208.htm\" target=\"_blank\" rel=\"noopener noreferrer\"><img loading=\"lazy\" decoding=\"async\" alt=\"\" src=\"http:\/\/500er-fiat.de\/Pics\/Daten\/208.jpg\" width=\"200\" height=\"50\" border=\"0\"><\/a><\/div>\n<\/td>\n<\/tr>\n<tr>\n<td width=\"136\" height=\"52\">\n<div align=\"right\"><a href=\"http:\/\/500er-fiat.de\/Sites\/500er\/Farben\/19681.htm\" target=\"_blank\" rel=\"noopener noreferrer\">Avorio Chiaro<br \/>\n214<br \/>\n01\/59 &#8211; 02\/63<\/a><\/div>\n<div align=\"right\"><\/div>\n<\/td>\n<td width=\"219\" height=\"52\">\n<div align=\"right\"><a href=\"http:\/\/500er-fiat.de\/Sites\/500er\/Farben\/19681.htm\" target=\"_blank\" rel=\"noopener noreferrer\"><img loading=\"lazy\" decoding=\"async\" alt=\"\" src=\"http:\/\/500er-fiat.de\/Pics\/Daten\/19681.png\" width=\"200\" height=\"50\" border=\"0\"><\/a><\/div>\n<\/td>\n<td width=\"26\" height=\"52\"><\/td>\n<td width=\"201\" height=\"52\">\n<div align=\"center\"><a href=\"http:\/\/500er-fiat.de\/Sites\/500er\/Farben\/214.htm\" target=\"_blank\" rel=\"noopener noreferrer\"><img loading=\"lazy\" decoding=\"async\" alt=\"\" src=\"http:\/\/500er-fiat.de\/Pics\/Daten\/214.jpg\" width=\"200\" height=\"50\" border=\"0\"><\/a><\/div>\n<\/td>\n<\/tr>\n<tr>\n<td height=\"50\">\n<div align=\"right\"><a href=\"http:\/\/500er-fiat.de\/Sites\/500er\/Farben\/19204.htm\" target=\"_blank\" rel=\"noopener noreferrer\">Bianco<br \/>\n233<br \/>\n03\/64 &#8211; 08\/75<\/a><\/div>\n<div align=\"right\"><\/div>\n<\/td>\n<td height=\"50\">\n<div align=\"right\"><a href=\"http:\/\/500er-fiat.de\/Sites\/500er\/Farben\/19204.htm\" target=\"_blank\" rel=\"noopener noreferrer\"><img loading=\"lazy\" decoding=\"async\" alt=\"\" src=\"http:\/\/500er-fiat.de\/Pics\/Daten\/19204.png\" width=\"200\" height=\"50\" border=\"0\"><\/a><\/div>\n<\/td>\n<td height=\"50\"><\/td>\n<td height=\"50\"><a href=\"http:\/\/500er-fiat.de\/Sites\/500er\/Farben\/233.htm\" target=\"_blank\" rel=\"noopener noreferrer\"><img loading=\"lazy\" decoding=\"async\" alt=\"\" src=\"http:\/\/500er-fiat.de\/Pics\/Daten\/233.jpg\" width=\"200\" height=\"50\" border=\"0\"><\/a><\/td>\n<\/tr>\n<tr>\n<td width=\"136\" height=\"50\">\n<div align=\"right\"><a href=\"http:\/\/500er-fiat.de\/Sites\/500er\/Farben\/19436.htm\" target=\"_blank\" rel=\"noopener noreferrer\">Avorio Antico<br \/>\n234<br \/>\n07\/68 &#8211; 10\/73<\/a><\/div>\n<div align=\"right\"><\/div>\n<\/td>\n<td width=\"219\" height=\"50\">\n<div align=\"right\"><a href=\"http:\/\/500er-fiat.de\/Sites\/500er\/Farben\/19436.htm\" target=\"_blank\" rel=\"noopener noreferrer\"><img loading=\"lazy\" decoding=\"async\" alt=\"\" src=\"http:\/\/500er-fiat.de\/Pics\/Daten\/19436.png\" width=\"200\" height=\"50\" border=\"0\"><\/a><\/div>\n<\/td>\n<td width=\"26\" height=\"50\"><\/td>\n<td width=\"201\" height=\"50\">\n<div align=\"center\"><img loading=\"lazy\" decoding=\"async\" alt=\"\" src=\"http:\/\/500er-fiat.de\/Pics\/Daten\/00.jpg\" width=\"200\" height=\"50\"><\/div>\n<\/td>\n<\/tr>\n<tr>\n<td width=\"136\" height=\"50\">\n<div align=\"right\">Avorio<br \/>\n235<br \/>\n07\/57 &#8211; 01\/59<\/div>\n<div align=\"right\"><\/div>\n<\/td>\n<td width=\"219\" height=\"50\">\n<div align=\"right\"><img loading=\"lazy\" decoding=\"async\" alt=\"\" src=\"http:\/\/500er-fiat.de\/Pics\/Daten\/0.jpg\" width=\"200\" height=\"50\"><\/div>\n<\/td>\n<td width=\"26\" height=\"50\"><\/td>\n<td width=\"201\" height=\"50\">\n<div align=\"center\"><img loading=\"lazy\" decoding=\"async\" alt=\"\" src=\"http:\/\/500er-fiat.de\/Pics\/Daten\/00.jpg\" width=\"200\" height=\"50\"><\/div>\n<\/td>\n<\/tr>\n<tr>\n<td width=\"136\" height=\"50\">\n<div align=\"right\">Bianco Aurora<br \/>\n243<br \/>\n01\/68 &#8211; 08\/72<\/div>\n<div align=\"right\"><\/div>\n<\/td>\n<td width=\"219\" height=\"50\">\n<div align=\"right\"><img loading=\"lazy\" decoding=\"async\" alt=\"\" src=\"http:\/\/500er-fiat.de\/Pics\/Daten\/0.jpg\" width=\"200\" height=\"50\"><\/div>\n<\/td>\n<td width=\"26\" height=\"50\"><\/td>\n<td width=\"201\" height=\"50\">\n<div align=\"center\"><img loading=\"lazy\" decoding=\"async\" alt=\"\" src=\"http:\/\/500er-fiat.de\/Pics\/Daten\/00.jpg\" width=\"200\" height=\"50\"><\/div>\n<\/td>\n<\/tr>\n<tr>\n<td width=\"136\" height=\"50\">\n<div align=\"right\"><a href=\"http:\/\/500er-fiat.de\/Sites\/500er\/Farben\/19187.htm\" target=\"_blank\" rel=\"noopener noreferrer\">Giallo Tufo<br \/>\n246<br \/>\n08\/74 &#8211; 08\/75<\/a><\/div>\n<div align=\"right\"><\/div>\n<\/td>\n<td width=\"219\" height=\"50\">\n<div align=\"right\"><a href=\"http:\/\/500er-fiat.de\/Sites\/500er\/Farben\/19187.htm\" target=\"_blank\" rel=\"noopener noreferrer\"><img loading=\"lazy\" decoding=\"async\" alt=\"\" src=\"http:\/\/500er-fiat.de\/Pics\/Daten\/19187.png\" width=\"200\" height=\"50\" border=\"0\"><\/a><\/div>\n<\/td>\n<td width=\"26\" height=\"50\"><\/td>\n<td width=\"201\" height=\"50\">\n<div align=\"center\"><img loading=\"lazy\" decoding=\"async\" alt=\"\" src=\"http:\/\/500er-fiat.de\/Pics\/Daten\/00.jpg\" width=\"200\" height=\"50\"><\/div>\n<\/td>\n<\/tr>\n<tr>\n<td height=\"50\">\n<div align=\"right\"><a href=\"http:\/\/500er-fiat.de\/Sites\/500er\/Farben\/19387.htm\" target=\"_blank\" rel=\"noopener noreferrer\">Giallo (Agip)<br \/>\n247<br \/>\nkeine Angaben bekannt<\/a><\/div>\n<div align=\"right\"><\/div>\n<\/td>\n<td height=\"50\">\n<div align=\"right\"><a href=\"http:\/\/500er-fiat.de\/Sites\/500er\/Farben\/19387.htm\" target=\"_blank\" rel=\"noopener noreferrer\"><img loading=\"lazy\" decoding=\"async\" alt=\"\" src=\"http:\/\/500er-fiat.de\/Pics\/Daten\/19387.png\" width=\"200\" height=\"50\" border=\"0\"><\/a><\/div>\n<\/td>\n<td height=\"50\"><\/td>\n<td height=\"50\"><img loading=\"lazy\" decoding=\"async\" alt=\"\" src=\"http:\/\/500er-fiat.de\/Pics\/Daten\/00.jpg\" width=\"200\" height=\"50\"><\/td>\n<\/tr>\n<tr>\n<td width=\"136\" height=\"50\">\n<div align=\"right\">Avorio Scuro (Ferrero)<br \/>\n252<br \/>\n10\/60 &#8211; 11\/62<\/div>\n<div align=\"right\"><\/div>\n<\/td>\n<td width=\"219\" height=\"50\">\n<div align=\"right\"><img loading=\"lazy\" decoding=\"async\" alt=\"\" src=\"http:\/\/500er-fiat.de\/Pics\/Daten\/0.jpg\" width=\"200\" height=\"50\"><\/div>\n<\/td>\n<td width=\"26\" height=\"50\"><\/td>\n<td width=\"201\" height=\"50\">\n<div align=\"center\"><img loading=\"lazy\" decoding=\"async\" alt=\"\" src=\"http:\/\/500er-fiat.de\/Pics\/Daten\/00.jpg\" width=\"200\" height=\"50\"><\/div>\n<\/td>\n<\/tr>\n<tr>\n<td width=\"136\" height=\"50\">\n<div align=\"right\"><a href=\"http:\/\/500er-fiat.de\/Sites\/500er\/Farben\/19075.htm\" target=\"_blank\" rel=\"noopener noreferrer\">Giallo Tahiti<br \/>\n276<br \/>\n11\/71 &#8211; 11\/73<\/a><\/div>\n<div align=\"right\"><\/div>\n<\/td>\n<td width=\"219\" height=\"50\">\n<div align=\"right\"><a href=\"http:\/\/500er-fiat.de\/Sites\/500er\/Farben\/19075.htm\" target=\"_blank\" rel=\"noopener noreferrer\"><img loading=\"lazy\" decoding=\"async\" alt=\"\" src=\"http:\/\/500er-fiat.de\/Pics\/Daten\/19075.png\" width=\"200\" height=\"50\" border=\"0\"><\/a><\/div>\n<\/td>\n<td width=\"26\" height=\"50\"><\/td>\n<td width=\"201\" height=\"50\">\n<div align=\"center\"><img loading=\"lazy\" decoding=\"async\" alt=\"\" src=\"http:\/\/500er-fiat.de\/Pics\/Daten\/00.jpg\" width=\"200\" height=\"50\"><\/div>\n<\/td>\n<\/tr>\n<tr>\n<td width=\"136\" height=\"50\">\n<div align=\"right\"><a href=\"http:\/\/500er-fiat.de\/Sites\/500er\/Farben\/19214.htm\" target=\"_blank\" rel=\"noopener noreferrer\">Giallo Pechino<br \/>\n278<br \/>\n10\/73 &#8211; 08\/74<\/a><\/div>\n<div align=\"right\"><\/div>\n<\/td>\n<td width=\"219\" height=\"50\">\n<div align=\"right\"><a href=\"http:\/\/500er-fiat.de\/Sites\/500er\/Farben\/19214.htm\" target=\"_blank\" rel=\"noopener noreferrer\"><img loading=\"lazy\" decoding=\"async\" alt=\"\" src=\"http:\/\/500er-fiat.de\/Pics\/Daten\/19214.png\" width=\"200\" height=\"50\" border=\"0\"><\/a><\/div>\n<\/td>\n<td width=\"26\" height=\"50\"><\/td>\n<td width=\"201\" height=\"50\">\n<div align=\"center\"><a href=\"http:\/\/500er-fiat.de\/Sites\/500er\/Farben\/278.htm\" target=\"_blank\" rel=\"noopener noreferrer\"><img loading=\"lazy\" decoding=\"async\" alt=\"\" src=\"http:\/\/500er-fiat.de\/Pics\/Daten\/278.jpg\" width=\"200\" height=\"50\" border=\"0\"><\/a><\/div>\n<\/td>\n<\/tr>\n<tr>\n<td width=\"136\" height=\"50\">\n<div align=\"right\"><a href=\"http:\/\/500er-fiat.de\/Sites\/500er\/Farben\/19214.htm\" target=\"_blank\" rel=\"noopener noreferrer\">Giallo Senape<br \/>\n278<br \/>\n11\/73 &#8211; 08\/74<\/a><\/div>\n<div align=\"right\"><\/div>\n<\/td>\n<td width=\"219\" height=\"50\">\n<div align=\"right\"><a href=\"http:\/\/500er-fiat.de\/Sites\/500er\/Farben\/19214.htm\" target=\"_blank\" rel=\"noopener noreferrer\"><img loading=\"lazy\" decoding=\"async\" alt=\"\" src=\"http:\/\/500er-fiat.de\/Pics\/Daten\/19214.png\" width=\"200\" height=\"50\" border=\"0\"><\/a><\/div>\n<\/td>\n<td width=\"26\" height=\"50\"><\/td>\n<td width=\"201\" height=\"50\">\n<div align=\"center\"><img loading=\"lazy\" decoding=\"async\" alt=\"\" src=\"http:\/\/500er-fiat.de\/Pics\/Daten\/00.jpg\" width=\"200\" height=\"50\"><\/div>\n<\/td>\n<\/tr>\n<tr>\n<td width=\"136\" height=\"50\">\n<div align=\"right\"><a href=\"http:\/\/500er-fiat.de\/Sites\/500er\/Farben\/29025.htm\" target=\"_blank\" rel=\"noopener noreferrer\">Arancio (Italgas)<br \/>\n294<br \/>\n08\/64 &#8211; 08\/71<\/a><\/div>\n<div align=\"right\"><\/div>\n<\/td>\n<td width=\"219\" height=\"50\">\n<div align=\"right\"><a href=\"http:\/\/500er-fiat.de\/Sites\/500er\/Farben\/29025.htm\" target=\"_blank\" rel=\"noopener noreferrer\"><img loading=\"lazy\" decoding=\"async\" alt=\"\" src=\"http:\/\/500er-fiat.de\/Pics\/Daten\/29025.png\" width=\"200\" height=\"50\" border=\"0\"><\/a><\/div>\n<\/td>\n<td width=\"26\" height=\"50\"><\/td>\n<td width=\"201\" height=\"50\">\n<div align=\"center\"><img loading=\"lazy\" decoding=\"async\" alt=\"\" src=\"http:\/\/500er-fiat.de\/Pics\/Daten\/00.jpg\" width=\"200\" height=\"50\"><\/div>\n<\/td>\n<\/tr>\n<tr>\n<td width=\"136\" height=\"50\">\n<div align=\"right\">Verde Scuro<br \/>\n315<br \/>\n10\/60 &#8211; 12\/60<\/div>\n<div align=\"right\"><\/div>\n<\/td>\n<td width=\"219\" height=\"50\">\n<div align=\"right\"><img loading=\"lazy\" decoding=\"async\" alt=\"\" src=\"http:\/\/500er-fiat.de\/Pics\/Daten\/0.jpg\" width=\"200\" height=\"50\"><\/div>\n<\/td>\n<td width=\"26\" height=\"50\"><\/td>\n<td width=\"201\" height=\"50\">\n<div align=\"center\"><img loading=\"lazy\" decoding=\"async\" alt=\"\" src=\"http:\/\/500er-fiat.de\/Pics\/Daten\/00.jpg\" width=\"200\" height=\"50\"><\/div>\n<\/td>\n<\/tr>\n<tr>\n<td height=\"50\">\n<div align=\"right\">Verde Chiaro<br \/>\n362<br \/>\n07\/57 &#8211; 12\/57<\/div>\n<div align=\"right\"><\/div>\n<\/td>\n<td height=\"50\">\n<div align=\"right\"><img loading=\"lazy\" decoding=\"async\" alt=\"\" src=\"http:\/\/500er-fiat.de\/Pics\/Daten\/362.png\" width=\"200\" height=\"50\"><\/div>\n<\/td>\n<td height=\"50\"><\/td>\n<td height=\"50\"><img loading=\"lazy\" decoding=\"async\" alt=\"\" src=\"http:\/\/500er-fiat.de\/Pics\/Daten\/00.jpg\" width=\"200\" height=\"50\"><\/td>\n<\/tr>\n<tr>\n<td height=\"50\">\n<div align=\"right\">Verde Chiaro<br \/>\n363<br \/>\n12\/60 &#8211; 02\/63<\/div>\n<div align=\"right\"><\/div>\n<\/td>\n<td height=\"50\">\n<div align=\"right\"><img loading=\"lazy\" decoding=\"async\" alt=\"\" src=\"http:\/\/500er-fiat.de\/Pics\/Daten\/0.jpg\" width=\"200\" height=\"50\"><\/div>\n<\/td>\n<td height=\"50\"><\/td>\n<td height=\"50\"><a href=\"http:\/\/500er-fiat.de\/Sites\/500er\/Farben\/363.htm\" target=\"_blank\" rel=\"noopener noreferrer\"><img loading=\"lazy\" decoding=\"async\" alt=\"\" src=\"http:\/\/500er-fiat.de\/Pics\/Daten\/363.jpg\" width=\"200\" height=\"50\" border=\"0\"><\/a><\/td>\n<\/tr>\n<tr>\n<td height=\"50\">\n<div align=\"right\"><a href=\"http:\/\/500er-fiat.de\/Sites\/500er\/Farben\/69153.htm\" target=\"_blank\" rel=\"noopener noreferrer\">Verde Chiaro<br \/>\n372<br \/>\n07\/57 &#8211; 09\/60<\/a><\/div>\n<div align=\"right\"><\/div>\n<\/td>\n<td height=\"50\">\n<div align=\"right\"><a href=\"http:\/\/500er-fiat.de\/Sites\/500er\/Farben\/69153.htm\" target=\"_blank\" rel=\"noopener noreferrer\"><img loading=\"lazy\" decoding=\"async\" alt=\"\" src=\"http:\/\/500er-fiat.de\/Pics\/Daten\/69153.png\" width=\"200\" height=\"50\" border=\"0\"><\/a><\/div>\n<\/td>\n<td height=\"50\"><\/td>\n<td height=\"50\"><img loading=\"lazy\" decoding=\"async\" alt=\"\" src=\"http:\/\/500er-fiat.de\/Pics\/Daten\/00.jpg\" width=\"200\" height=\"50\"><\/td>\n<\/tr>\n<tr>\n<td height=\"50\">\n<div align=\"right\">Verde Oasi<br \/>\n383<br \/>\n07\/63 &#8211; 07\/64<\/div>\n<div align=\"right\"><\/div>\n<\/td>\n<td height=\"50\">\n<div align=\"right\"><img loading=\"lazy\" decoding=\"async\" alt=\"\" src=\"http:\/\/500er-fiat.de\/Pics\/Daten\/0.jpg\" width=\"200\" height=\"50\"><\/div>\n<\/td>\n<td height=\"50\"><\/td>\n<td height=\"50\"><img loading=\"lazy\" decoding=\"async\" alt=\"\" src=\"http:\/\/500er-fiat.de\/Pics\/Daten\/00.jpg\" width=\"200\" height=\"50\"><\/td>\n<\/tr>\n<tr>\n<td height=\"50\">\n<div align=\"right\"><a href=\"http:\/\/500er-fiat.de\/Sites\/500er\/Farben\/59684.htm\" target=\"_blank\" rel=\"noopener noreferrer\">Celeste Medio<br \/>\n403<br \/>\n01\/59 &#8211; 03\/62<\/a><\/div>\n<div align=\"right\"><\/div>\n<\/td>\n<td height=\"50\">\n<div align=\"right\"><a href=\"http:\/\/500er-fiat.de\/Sites\/500er\/Farben\/59684.htm\" target=\"_blank\" rel=\"noopener noreferrer\"><img loading=\"lazy\" decoding=\"async\" alt=\"\" src=\"http:\/\/500er-fiat.de\/Pics\/Daten\/59684.png\" width=\"200\" height=\"50\" border=\"0\"><\/a><\/div>\n<\/td>\n<td height=\"50\"><\/td>\n<td height=\"50\"><a href=\"http:\/\/500er-fiat.de\/Sites\/500er\/Farben\/403.htm\" target=\"_blank\" rel=\"noopener noreferrer\"><img decoding=\"async\" alt=\"\" src=\"http:\/\/500er-fiat.de\/Pics\/Daten\/403.jpg\"><\/a><\/td>\n<\/tr>\n<tr>\n<td height=\"50\">\n<div align=\"right\"><a href=\"http:\/\/500er-fiat.de\/Sites\/500er\/Farben\/59686.htm\" target=\"_blank\" rel=\"noopener noreferrer\">Azzurro Pervinca<br \/>\n413<br \/>\n03\/62 &#8211; 01\/63<\/a><\/div>\n<div align=\"right\"><\/div>\n<\/td>\n<td height=\"50\">\n<div align=\"right\"><a href=\"http:\/\/500er-fiat.de\/Sites\/500er\/Farben\/59686.htm\" target=\"_blank\" rel=\"noopener noreferrer\"><img loading=\"lazy\" decoding=\"async\" alt=\"\" src=\"http:\/\/500er-fiat.de\/Pics\/Daten\/59686.png\" width=\"200\" height=\"50\" border=\"0\"><\/a><\/div>\n<\/td>\n<td height=\"50\"><\/td>\n<td height=\"50\"><img loading=\"lazy\" decoding=\"async\" alt=\"\" src=\"http:\/\/500er-fiat.de\/Pics\/Daten\/00.jpg\" width=\"200\" height=\"50\"><\/td>\n<\/tr>\n<tr>\n<td height=\"50\">\n<div align=\"right\"><a href=\"http:\/\/500er-fiat.de\/Sites\/500er\/Farben\/59061.htm\" target=\"_blank\" rel=\"noopener noreferrer\">Azzurro Chiaro<br \/>\n415<br \/>\n11\/71 &#8211; 02\/74<\/a><\/div>\n<div align=\"right\"><\/div>\n<\/td>\n<td height=\"50\">\n<div align=\"right\"><a href=\"http:\/\/500er-fiat.de\/Sites\/500er\/Farben\/59061.htm\" target=\"_blank\" rel=\"noopener noreferrer\"><img loading=\"lazy\" decoding=\"async\" alt=\"\" src=\"http:\/\/500er-fiat.de\/Pics\/Daten\/59061.png\" width=\"200\" height=\"50\" border=\"0\"><\/a><\/div>\n<\/td>\n<td height=\"50\"><\/td>\n<td height=\"50\"><a href=\"http:\/\/500er-fiat.de\/Sites\/500er\/Farben\/415.htm\" target=\"_blank\" rel=\"noopener noreferrer\"><img loading=\"lazy\" decoding=\"async\" alt=\"\" src=\"http:\/\/500er-fiat.de\/Pics\/Daten\/415.jpg\" width=\"200\" height=\"50\" border=\"0\"><\/a><\/td>\n<\/tr>\n<tr>\n<td height=\"50\">\n<p align=\"right\"><a href=\"http:\/\/500er-fiat.de\/Sites\/500er\/Farben\/59437.htm\" target=\"_blank\" rel=\"noopener noreferrer\">Blu Turchese<br \/>\n419<br \/>\n07\/68 &#8211; 08\/71<\/a><\/p>\n<p align=\"right\">\n<\/td>\n<td height=\"50\">\n<div align=\"right\"><a href=\"http:\/\/500er-fiat.de\/Sites\/500er\/Farben\/59437.htm\" target=\"_blank\" rel=\"noopener noreferrer\"><img loading=\"lazy\" decoding=\"async\" alt=\"\" src=\"http:\/\/500er-fiat.de\/Pics\/Daten\/59437.png\" width=\"200\" height=\"50\" border=\"0\"><\/a><\/div>\n<\/td>\n<td height=\"50\"><\/td>\n<td height=\"50\"><a href=\"http:\/\/500er-fiat.de\/Sites\/500er\/Farben\/419.htm\" target=\"_blank\" rel=\"noopener noreferrer\"><img loading=\"lazy\" decoding=\"async\" alt=\"\" src=\"http:\/\/500er-fiat.de\/Pics\/Daten\/419.jpg\" width=\"200\" height=\"50\" border=\"0\"><\/a><\/td>\n<\/tr>\n<tr>\n<td height=\"50\">\n<div align=\"right\">Blu Chiaro<br \/>\n429<br \/>\n07\/57 &#8211; 05\/58<\/div>\n<div align=\"right\"><\/div>\n<\/td>\n<td height=\"50\">\n<div align=\"right\"><img loading=\"lazy\" decoding=\"async\" alt=\"\" src=\"http:\/\/500er-fiat.de\/Pics\/Daten\/0.jpg\" width=\"200\" height=\"50\"><\/div>\n<\/td>\n<td height=\"50\"><\/td>\n<td height=\"50\"><img loading=\"lazy\" decoding=\"async\" alt=\"\" src=\"http:\/\/500er-fiat.de\/Pics\/Daten\/00.jpg\" width=\"200\" height=\"50\"><\/td>\n<\/tr>\n<tr>\n<td height=\"50\">\n<div align=\"right\"><a href=\"http:\/\/500er-fiat.de\/Sites\/500er\/Farben\/59203.htm\" target=\"_blank\" rel=\"noopener noreferrer\">Azzurro Acquamarina<br \/>\n433<br \/>\n03\/64 &#8211; 08\/68<\/a><\/div>\n<div align=\"right\"><\/div>\n<\/td>\n<td height=\"50\">\n<div align=\"right\"><a href=\"http:\/\/500er-fiat.de\/Sites\/500er\/Farben\/59203.htm\" target=\"_blank\" rel=\"noopener noreferrer\"><img loading=\"lazy\" decoding=\"async\" alt=\"\" src=\"http:\/\/500er-fiat.de\/Pics\/Daten\/59203.png\" width=\"200\" height=\"50\" border=\"0\"><\/a><\/div>\n<\/td>\n<td height=\"50\"><\/td>\n<td height=\"50\"><a href=\"http:\/\/500er-fiat.de\/Sites\/500er\/Farben\/433.htm\" target=\"_blank\" rel=\"noopener noreferrer\"><img loading=\"lazy\" decoding=\"async\" alt=\"\" src=\"http:\/\/500er-fiat.de\/Pics\/Daten\/433.jpg\" width=\"200\" height=\"50\" border=\"0\"><\/a><\/td>\n<\/tr>\n<tr>\n<td height=\"50\">\n<div align=\"right\">Blu Medio<br \/>\n449<br \/>\n01\/59 &#8211; 09\/60<\/div>\n<div align=\"right\"><\/div>\n<\/td>\n<td height=\"50\">\n<div align=\"right\"><img loading=\"lazy\" decoding=\"async\" alt=\"\" src=\"http:\/\/500er-fiat.de\/Pics\/Daten\/0.jpg\" width=\"200\" height=\"50\"><\/div>\n<\/td>\n<td height=\"50\"><\/td>\n<td height=\"50\"><img loading=\"lazy\" decoding=\"async\" alt=\"\" src=\"http:\/\/500er-fiat.de\/Pics\/Daten\/00.jpg\" width=\"200\" height=\"50\"><\/td>\n<\/tr>\n<tr>\n<td height=\"50\">\n<div align=\"right\">Blu Medio<br \/>\n453<br \/>\n03\/64 &#8211; 07\/68<\/div>\n<div align=\"right\"><\/div>\n<\/td>\n<td height=\"50\">\n<div align=\"right\"><img loading=\"lazy\" decoding=\"async\" alt=\"\" src=\"http:\/\/500er-fiat.de\/Pics\/Daten\/0.jpg\" width=\"200\" height=\"50\"><\/div>\n<\/td>\n<td height=\"50\"><\/td>\n<td height=\"50\"><img loading=\"lazy\" decoding=\"async\" alt=\"\" src=\"http:\/\/500er-fiat.de\/Pics\/Daten\/00.jpg\" width=\"200\" height=\"50\"><\/td>\n<\/tr>\n<tr>\n<td height=\"50\">\n<div align=\"right\"><a href=\"http:\/\/500er-fiat.de\/Sites\/500er\/Farben\/59157.htm\" target=\"_blank\" rel=\"noopener noreferrer\">Blu Scuro<br \/>\n456<br \/>\n07\/57 &#8211; 08\/75<\/a><\/div>\n<div align=\"right\"><\/div>\n<\/td>\n<td height=\"50\">\n<div align=\"right\"><a href=\"http:\/\/500er-fiat.de\/Sites\/500er\/Farben\/59157.htm\" target=\"_blank\" rel=\"noopener noreferrer\"><img loading=\"lazy\" decoding=\"async\" alt=\"\" src=\"http:\/\/500er-fiat.de\/Pics\/Daten\/59157.png\" width=\"200\" height=\"50\" border=\"0\"><\/a><\/div>\n<\/td>\n<td height=\"50\"><\/td>\n<td height=\"50\"><a href=\"http:\/\/500er-fiat.de\/Sites\/500er\/Farben\/456.htm\" target=\"_blank\" rel=\"noopener noreferrer\"><img loading=\"lazy\" decoding=\"async\" alt=\"\" src=\"http:\/\/500er-fiat.de\/Pics\/Daten\/456.jpg\" width=\"200\" height=\"50\" border=\"0\"><\/a><\/td>\n<\/tr>\n<tr>\n<td height=\"50\">\n<div align=\"right\"><a href=\"http:\/\/500er-fiat.de\/Sites\/500er\/Farben\/69107.htm\" target=\"_blank\" rel=\"noopener noreferrer\">Turchese Farfalla<br \/>\n463<br \/>\n03\/74 &#8211; 08\/75<\/a><\/div>\n<div align=\"right\"><\/div>\n<\/td>\n<td height=\"50\">\n<div align=\"right\"><a href=\"http:\/\/500er-fiat.de\/Sites\/500er\/Farben\/69107.htm\" target=\"_blank\" rel=\"noopener noreferrer\"><img loading=\"lazy\" decoding=\"async\" alt=\"\" src=\"http:\/\/500er-fiat.de\/Pics\/Daten\/69107.png\" width=\"200\" height=\"50\" border=\"0\"><\/a><\/div>\n<\/td>\n<td height=\"50\"><\/td>\n<td height=\"50\"><a href=\"http:\/\/500er-fiat.de\/Sites\/500er\/Farben\/463.htm\" target=\"_blank\" rel=\"noopener noreferrer\"><img loading=\"lazy\" decoding=\"async\" alt=\"\" src=\"http:\/\/500er-fiat.de\/Pics\/Daten\/463.jpg\" width=\"200\" height=\"50\" border=\"0\"><\/a><\/td>\n<\/tr>\n<tr>\n<td height=\"50\">\n<div align=\"right\"><a href=\"http:\/\/500er-fiat.de\/Sites\/500er\/Farben\/59979.htm\" target=\"_blank\" rel=\"noopener noreferrer\">Blu Medio<br \/>\n469<br \/>\n09\/61 &#8211; 07\/63<\/a><\/div>\n<div align=\"right\"><\/div>\n<\/td>\n<td height=\"50\">\n<div align=\"right\"><a href=\"http:\/\/500er-fiat.de\/Sites\/500er\/Farben\/59979.htm\" target=\"_blank\" rel=\"noopener noreferrer\"><img loading=\"lazy\" decoding=\"async\" alt=\"\" src=\"http:\/\/500er-fiat.de\/Pics\/Daten\/59979.png\" width=\"200\" height=\"50\" border=\"0\"><\/a><\/div>\n<\/td>\n<td height=\"50\"><\/td>\n<td height=\"50\"><img loading=\"lazy\" decoding=\"async\" alt=\"\" src=\"http:\/\/500er-fiat.de\/Pics\/Daten\/00.jpg\" width=\"200\" height=\"50\"><\/td>\n<\/tr>\n<tr>\n<td height=\"50\">\n<div align=\"right\">Celeste Crociera<br \/>\n472<br \/>\n07\/57 &#8211; 01\/59<\/div>\n<div align=\"right\"><\/div>\n<\/td>\n<td height=\"50\">\n<div align=\"right\"><img loading=\"lazy\" decoding=\"async\" alt=\"\" src=\"http:\/\/500er-fiat.de\/Pics\/Daten\/0.jpg\" width=\"200\" height=\"50\"><\/div>\n<\/td>\n<td height=\"50\"><\/td>\n<td height=\"50\"><img loading=\"lazy\" decoding=\"async\" alt=\"\" src=\"http:\/\/500er-fiat.de\/Pics\/Daten\/00.jpg\" width=\"200\" height=\"50\"><\/td>\n<\/tr>\n<tr>\n<td height=\"50\">\n<div align=\"right\">Blu Medio<br \/>\n485<br \/>\n10\/60 &#8211; 09\/61<\/div>\n<div align=\"right\"><\/div>\n<\/td>\n<td height=\"50\">\n<div align=\"right\"><img loading=\"lazy\" decoding=\"async\" alt=\"\" src=\"http:\/\/500er-fiat.de\/Pics\/Daten\/0.jpg\" width=\"200\" height=\"50\"><\/div>\n<\/td>\n<td height=\"50\"><\/td>\n<td height=\"50\"><img loading=\"lazy\" decoding=\"async\" alt=\"\" src=\"http:\/\/500er-fiat.de\/Pics\/Daten\/00.jpg\" width=\"200\" height=\"50\"><\/td>\n<\/tr>\n<tr>\n<td height=\"50\">\n<div align=\"right\"><a href=\"http:\/\/500er-fiat.de\/Sites\/500er\/Farben\/59155.htm\" target=\"_blank\" rel=\"noopener noreferrer\">Blu Chiaro Marino<br \/>\n486<br \/>\n07\/63 &#8211; 04\/64<\/a><\/div>\n<div align=\"right\"><\/div>\n<\/td>\n<td height=\"50\">\n<div align=\"right\"><a href=\"http:\/\/500er-fiat.de\/Sites\/500er\/Farben\/59155.htm\" target=\"_blank\" rel=\"noopener noreferrer\"><img loading=\"lazy\" decoding=\"async\" alt=\"\" src=\"http:\/\/500er-fiat.de\/Pics\/Daten\/59155.png\" width=\"200\" height=\"50\" border=\"0\"><\/a><\/div>\n<\/td>\n<td height=\"50\"><\/td>\n<td height=\"50\"><img loading=\"lazy\" decoding=\"async\" alt=\"\" src=\"http:\/\/500er-fiat.de\/Pics\/Daten\/00.jpg\" width=\"200\" height=\"50\"><\/td>\n<\/tr>\n<tr>\n<td height=\"50\">\n<div align=\"right\">Celeste<br \/>\n491<br \/>\n06\/60 &#8211; 09\/60<\/div>\n<div align=\"right\"><\/div>\n<\/td>\n<td height=\"50\">\n<div align=\"right\"><img loading=\"lazy\" decoding=\"async\" alt=\"\" src=\"http:\/\/500er-fiat.de\/Pics\/Daten\/0.jpg\" width=\"200\" height=\"50\"><\/div>\n<\/td>\n<td height=\"50\"><\/td>\n<td height=\"50\"><img loading=\"lazy\" decoding=\"async\" alt=\"\" src=\"http:\/\/500er-fiat.de\/Pics\/Daten\/00.jpg\" width=\"200\" height=\"50\"><\/td>\n<\/tr>\n<tr>\n<td height=\"50\">\n<div align=\"right\"><a href=\"http:\/\/500er-fiat.de\/Sites\/500er\/Farben\/59552.htm\" target=\"_blank\" rel=\"noopener noreferrer\">Blu Oriente<br \/>\n498<br \/>\n02\/70 &#8211; 08\/71<\/a><\/div>\n<div align=\"right\"><\/div>\n<\/td>\n<td height=\"50\">\n<div align=\"right\"><a href=\"http:\/\/500er-fiat.de\/Sites\/500er\/Farben\/59552.htm\" target=\"_blank\" rel=\"noopener noreferrer\"><img loading=\"lazy\" decoding=\"async\" alt=\"\" src=\"http:\/\/500er-fiat.de\/Pics\/Daten\/59552.png\" width=\"200\" height=\"50\" border=\"0\"><\/a><\/div>\n<\/td>\n<td height=\"50\"><\/td>\n<td height=\"50\"><img loading=\"lazy\" decoding=\"async\" alt=\"\" src=\"http:\/\/500er-fiat.de\/Pics\/Daten\/00.jpg\" width=\"200\" height=\"50\"><\/td>\n<\/tr>\n<tr>\n<td height=\"50\">\n<div align=\"right\"><a href=\"http:\/\/500er-fiat.de\/Sites\/500er\/Farben\/19158.htm\" target=\"_blank\" rel=\"noopener noreferrer\">Beige Sabbia<br \/>\n583<br \/>\n07\/63 &#8211; 08\/68<\/a><\/div>\n<div align=\"right\"><\/div>\n<\/td>\n<td height=\"50\">\n<div align=\"right\"><a href=\"http:\/\/500er-fiat.de\/Sites\/500er\/Farben\/19158.htm\" target=\"_blank\" rel=\"noopener noreferrer\"><img loading=\"lazy\" decoding=\"async\" alt=\"\" src=\"http:\/\/500er-fiat.de\/Pics\/Daten\/19158.png\" width=\"200\" height=\"50\" border=\"0\"><\/a><\/div>\n<\/td>\n<td height=\"50\"><\/td>\n<td height=\"50\"><img loading=\"lazy\" decoding=\"async\" alt=\"\" src=\"http:\/\/500er-fiat.de\/Pics\/Daten\/00.jpg\" width=\"200\" height=\"50\"><\/td>\n<\/tr>\n<tr>\n<td height=\"50\">\n<div align=\"right\">Nero<br \/>\n601<br \/>\n09\/68 &#8211; 08\/71<\/div>\n<div align=\"right\"><\/div>\n<\/td>\n<td height=\"50\">\n<div align=\"right\"><img loading=\"lazy\" decoding=\"async\" alt=\"\" src=\"http:\/\/500er-fiat.de\/Pics\/Daten\/0.jpg\" width=\"200\" height=\"50\"><\/div>\n<\/td>\n<td height=\"50\"><\/td>\n<td height=\"50\"><a href=\"http:\/\/500er-fiat.de\/Sites\/500er\/Farben\/601.htm\" target=\"_blank\" rel=\"noopener noreferrer\"><img loading=\"lazy\" decoding=\"async\" alt=\"\" src=\"http:\/\/500er-fiat.de\/Pics\/Daten\/601.jpg\" width=\"200\" height=\"50\" border=\"0\"><\/a><\/td>\n<\/tr>\n<tr>\n<td height=\"50\">\n<div align=\"right\"><a href=\"http:\/\/500er-fiat.de\/Sites\/500er\/Farben\/79551.htm\" target=\"_blank\" rel=\"noopener noreferrer\">Grigio Garda<br \/>\n604<br \/>\n02\/70 &#8211; 08\/71<\/a><\/div>\n<div align=\"right\"><\/div>\n<\/td>\n<td height=\"50\">\n<div align=\"right\"><a href=\"http:\/\/500er-fiat.de\/Sites\/500er\/Farben\/79551.htm\" target=\"_blank\" rel=\"noopener noreferrer\"><img loading=\"lazy\" decoding=\"async\" alt=\"\" src=\"http:\/\/500er-fiat.de\/Pics\/Daten\/79551.png\" width=\"200\" height=\"50\" border=\"0\"><\/a><\/div>\n<\/td>\n<td height=\"50\"><\/td>\n<td height=\"50\"><img loading=\"lazy\" decoding=\"async\" alt=\"\" src=\"http:\/\/500er-fiat.de\/Pics\/Daten\/00.jpg\" width=\"200\" height=\"50\"><\/td>\n<\/tr>\n<tr>\n<td height=\"50\">\n<div align=\"right\">Grigio Chiaro<br \/>\n615<br \/>\n10\/60 &#8211; 03\/64<\/div>\n<div align=\"right\"><\/div>\n<\/td>\n<td height=\"50\">\n<div align=\"right\"><a href=\"http:\/\/500er-fiat.de\/Sites\/500er\/Farben\/79921.htm\" target=\"_blank\" rel=\"noopener noreferrer\"><img loading=\"lazy\" decoding=\"async\" alt=\"\" src=\"http:\/\/500er-fiat.de\/Pics\/Daten\/79921.png\" width=\"200\" height=\"50\" border=\"0\"><\/a><\/div>\n<\/td>\n<td height=\"50\"><\/td>\n<td height=\"50\"><img loading=\"lazy\" decoding=\"async\" alt=\"\" src=\"http:\/\/500er-fiat.de\/Pics\/Daten\/00.jpg\" width=\"200\" height=\"50\"><\/td>\n<\/tr>\n<tr>\n<td height=\"50\">\n<div align=\"right\"><a href=\"http:\/\/500er-fiat.de\/Sites\/500er\/Farben\/79485.htm\" target=\"_blank\" rel=\"noopener noreferrer\">Grigio Medio<br \/>\n624<br \/>\n01\/69 &#8211; 03\/69<\/a><\/div>\n<div align=\"right\"><\/div>\n<\/td>\n<td height=\"50\">\n<div align=\"right\"><a href=\"http:\/\/500er-fiat.de\/Sites\/500er\/Farben\/79485.htm\" target=\"_blank\" rel=\"noopener noreferrer\"><img loading=\"lazy\" decoding=\"async\" alt=\"\" src=\"http:\/\/500er-fiat.de\/Pics\/Daten\/79485.png\" width=\"200\" height=\"50\" border=\"0\"><\/a><\/div>\n<\/td>\n<td height=\"50\"><\/td>\n<td height=\"50\"><img loading=\"lazy\" decoding=\"async\" alt=\"\" src=\"http:\/\/500er-fiat.de\/Pics\/Daten\/00.jpg\" width=\"200\" height=\"50\"><\/td>\n<\/tr>\n<tr>\n<td height=\"50\">\n<div align=\"right\">Grigio Scuro<br \/>\n634<br \/>\n07\/63 &#8211; 03\/64<\/div>\n<div align=\"right\"><\/div>\n<\/td>\n<td height=\"50\">\n<div align=\"right\"><img loading=\"lazy\" decoding=\"async\" alt=\"\" src=\"http:\/\/500er-fiat.de\/Pics\/Daten\/0.jpg\" width=\"200\" height=\"50\"><\/div>\n<\/td>\n<td height=\"50\"><\/td>\n<td height=\"50\"><img loading=\"lazy\" decoding=\"async\" alt=\"\" src=\"http:\/\/500er-fiat.de\/Pics\/Daten\/00.jpg\" width=\"200\" height=\"50\"><\/td>\n<\/tr>\n<tr>\n<td height=\"50\">\n<div align=\"right\"><a href=\"http:\/\/500er-fiat.de\/Sites\/500er\/Farben\/79202.htm\" target=\"_blank\" rel=\"noopener noreferrer\">Grigio Medio<br \/>\n653<br \/>\n03\/64 &#8211; 08\/68<\/a><\/div>\n<div align=\"right\"><\/div>\n<\/td>\n<td height=\"50\">\n<div align=\"right\"><a href=\"http:\/\/500er-fiat.de\/Sites\/500er\/Farben\/79202.htm\" target=\"_blank\" rel=\"noopener noreferrer\"><img loading=\"lazy\" decoding=\"async\" alt=\"\" src=\"http:\/\/500er-fiat.de\/Pics\/Daten\/79202.png\" width=\"200\" height=\"50\" border=\"0\"><\/a><\/div>\n<\/td>\n<td height=\"50\"><\/td>\n<td height=\"50\"><img loading=\"lazy\" decoding=\"async\" alt=\"\" src=\"http:\/\/500er-fiat.de\/Pics\/Daten\/00.jpg\" width=\"200\" height=\"50\"><\/td>\n<\/tr>\n<tr>\n<td height=\"50\">\n<div align=\"right\">Grigio Chiaro (latte)<br \/>\n672<br \/>\n07\/57 &#8211; 09\/60<\/div>\n<div align=\"right\"><\/div>\n<\/td>\n<td height=\"50\">\n<div align=\"right\"><img loading=\"lazy\" decoding=\"async\" alt=\"\" src=\"http:\/\/500er-fiat.de\/Pics\/Daten\/0.jpg\" width=\"200\" height=\"50\"><\/div>\n<\/td>\n<td height=\"50\"><\/td>\n<td height=\"50\"><img loading=\"lazy\" decoding=\"async\" alt=\"\" src=\"http:\/\/500er-fiat.de\/Pics\/Daten\/00.jpg\" width=\"200\" height=\"50\"><\/td>\n<\/tr>\n<tr>\n<td height=\"50\">\n<div align=\"right\"><a href=\"http:\/\/500er-fiat.de\/Sites\/500er\/Farben\/79978.htm\" target=\"_blank\" rel=\"noopener noreferrer\">Grigio Cenere<br \/>\n697<br \/>\n03\/62 &#8211; 11\/64<\/a><\/div>\n<div align=\"right\"><\/div>\n<\/td>\n<td height=\"50\">\n<div align=\"right\"><a href=\"http:\/\/500er-fiat.de\/Sites\/500er\/Farben\/79978.htm\"><img loading=\"lazy\" decoding=\"async\" alt=\"\" src=\"http:\/\/500er-fiat.de\/Pics\/Daten\/79978.png\" width=\"200\" height=\"50\" border=\"0\"><\/a><\/div>\n<\/td>\n<td height=\"50\"><\/td>\n<td height=\"50\"><img loading=\"lazy\" decoding=\"async\" alt=\"\" src=\"http:\/\/500er-fiat.de\/Pics\/Daten\/00.jpg\" width=\"200\" height=\"50\"><\/td>\n<\/tr>\n<tr>\n<td height=\"50\">\n<div align=\"right\"><a href=\"http:\/\/500er-fiat.de\/Sites\/500er\/Farben\/39806.htm\" target=\"_blank\" rel=\"noopener noreferrer\">Marrone Testa di Moro<br \/>\n793<br \/>\n02\/70 &#8211; 08\/71<\/a><\/div>\n<div align=\"right\"><\/div>\n<\/td>\n<td height=\"50\">\n<div align=\"right\"><a href=\"http:\/\/500er-fiat.de\/Sites\/500er\/Farben\/39806.htm\" target=\"_blank\" rel=\"noopener noreferrer\"><img loading=\"lazy\" decoding=\"async\" alt=\"\" src=\"http:\/\/500er-fiat.de\/Pics\/Daten\/39806.png\" width=\"200\" height=\"50\" border=\"0\"><\/a><\/div>\n<\/td>\n<td height=\"50\"><\/td>\n<td height=\"50\"><a href=\"http:\/\/500er-fiat.de\/Sites\/500er\/Farben\/793.htm\" target=\"_blank\" rel=\"noopener noreferrer\"><img loading=\"lazy\" decoding=\"async\" alt=\"\" src=\"http:\/\/500er-fiat.de\/Pics\/Daten\/793.jpg\" width=\"200\" height=\"50\" border=\"0\"><\/a><\/td>\n<\/tr>\n<\/tbody>\n<\/table>\n","protected":false},"excerpt":{"rendered":"<p>Bunt, bunt, bunt sind alle meine Farben! Welche ist am Sch\u00f6nsten?<\/p>\n","protected":false},"author":2,"featured_media":3750,"parent":131,"menu_order":2,"comment_status":"closed","ping_status":"closed","template":"page-templates\/template-team.php","meta":{"footnotes":""},"_links":{"self":[{"href":"https:\/\/www.500er-fiat.de\/index.php?rest_route=\/wp\/v2\/pages\/133"}],"collection":[{"href":"https:\/\/www.500er-fiat.de\/index.php?rest_route=\/wp\/v2\/pages"}],"about":[{"href":"https:\/\/www.500er-fiat.de\/index.php?rest_route=\/wp\/v2\/types\/page"}],"author":[{"embeddable":true,"href":"https:\/\/www.500er-fiat.de\/index.php?rest_route=\/wp\/v2\/users\/2"}],"replies":[{"embeddable":true,"href":"https:\/\/www.500er-fiat.de\/index.php?rest_route=%2Fwp%2Fv2%2Fcomments&post=133"}],"version-history":[{"count":3,"href":"https:\/\/www.500er-fiat.de\/index.php?rest_route=\/wp\/v2\/pages\/133\/revisions"}],"predecessor-version":[{"id":3754,"href":"https:\/\/www.500er-fiat.de\/index.php?rest_route=\/wp\/v2\/pages\/133\/revisions\/3754"}],"up":[{"embeddable":true,"href":"https:\/\/www.500er-fiat.de\/index.php?rest_route=\/wp\/v2\/pages\/131"}],"wp:featuredmedia":[{"embeddable":true,"href":"https:\/\/www.500er-fiat.de\/index.php?rest_route=\/wp\/v2\/media\/3750"}],"wp:attachment":[{"href":"https:\/\/www.500er-fiat.de\/index.php?rest_route=%2Fwp%2Fv2%2Fmedia&parent=133"}],"curies":[{"name":"wp","href":"https:\/\/api.w.org\/{rel}","templated":true}]}}